{"id":132,"date":"2025-01-13T14:45:28","date_gmt":"2025-01-13T13:45:28","guid":{"rendered":"https:\/\/www.terre-art-argile.org\/?page_id=132"},"modified":"2026-04-20T12:03:43","modified_gmt":"2026-04-20T10:03:43","slug":"les-stages","status":"publish","type":"page","link":"https:\/\/www.terre-art-argile.org\/index.php\/les-stages\/","title":{"rendered":"Les stages"},"content":{"rendered":"\n<div class=\"wp-block-group alignfull has-global-padding is-layout-constrained wp-container-core-group-is-layout-11add6e8 wp-block-group-is-layout-constrained\" style=\"margin-top:0;margin-bottom:0;padding-top:var(--wp--preset--spacing--40);padding-bottom:var(--wp--preset--spacing--40)\">\n<div class=\"wp-block-columns alignwide is-layout-flex wp-container-core-columns-is-layout-28f84493 wp-block-columns-is-layout-flex\">\n<div class=\"wp-block-column is-layout-flow wp-block-column-is-layout-flow\">\n<figure class=\"wp-block-image size-large wp-duotone-unset-1\" style=\"margin-right:var(--wp--preset--spacing--40);margin-left:var(--wp--preset--spacing--40)\"><img loading=\"lazy\" decoding=\"async\" width=\"1024\" height=\"670\" src=\"https:\/\/www.terre-art-argile.org\/wp-content\/uploads\/2025\/01\/StageEnfants-1024x670.png\" alt=\"\" class=\"wp-image-532\" srcset=\"https:\/\/www.terre-art-argile.org\/wp-content\/uploads\/2025\/01\/StageEnfants-1024x670.png 1024w, https:\/\/www.terre-art-argile.org\/wp-content\/uploads\/2025\/01\/StageEnfants-300x196.png 300w, https:\/\/www.terre-art-argile.org\/wp-content\/uploads\/2025\/01\/StageEnfants-768x503.png 768w, https:\/\/www.terre-art-argile.org\/wp-content\/uploads\/2025\/01\/StageEnfants.png 1346w\" sizes=\"auto, (max-width: 1024px) 100vw, 1024px\" \/><\/figure>\n\n\n\n<h3 class=\"wp-block-heading has-text-align-center\">Enfants et ados<\/h3>\n\n\n\n<p class=\"has-text-align-center has-medium-font-size\"><em>Anim\u00e9 par Julie Parade<\/em><\/p>\n\n\n\n<p class=\"has-text-align-center has-medium-font-size\"><strong>Tournage Ados<\/strong><br>9h30 \u00e0 12h30<\/p>\n\n\n\n<div class=\"wp-block-buttons is-content-justification-center is-layout-flex wp-container-core-buttons-is-layout-a89b3969 wp-block-buttons-is-layout-flex\">\n<div class=\"wp-block-button\"><a class=\"wp-block-button__link wp-element-button\" href=\"https:\/\/www.helloasso.com\/associations\/terre-d-art-et-d-argile\/evenements\/tournage-ados-29-06-01-07-2026\" target=\"_blank\" rel=\"noreferrer noopener\">Du 29 juin au 1er juillet<\/a><\/div>\n<\/div>\n\n\n\n<p class=\"has-text-align-center has-medium-font-size\"><strong>Modelage Enfants<\/strong><br>14h \u00e0 17h<\/p>\n\n\n\n<div class=\"wp-block-buttons is-content-justification-center is-layout-flex wp-container-core-buttons-is-layout-a89b3969 wp-block-buttons-is-layout-flex\">\n<div class=\"wp-block-button\"><a class=\"wp-block-button__link wp-element-button\" href=\"https:\/\/www.helloasso.com\/associations\/terre-d-art-et-d-argile\/evenements\/stage-modelage-enfants-30-06-au-01-07-2026\" target=\"_blank\" rel=\"noreferrer noopener\">Du 29 juin au 1er juillet<\/a><\/div>\n<\/div>\n\n\n\n<div style=\"height:24px\" aria-hidden=\"true\" class=\"wp-block-spacer\"><\/div>\n\n\n\n<hr class=\"wp-block-separator aligncenter has-text-color has-contrast-2-color has-alpha-channel-opacity has-contrast-2-background-color has-background\"\/>\n<\/div>\n\n\n\n<div class=\"wp-block-column is-layout-flow wp-block-column-is-layout-flow\">\n<figure class=\"wp-block-image size-large wp-duotone-unset-2\" style=\"margin-right:var(--wp--preset--spacing--40);margin-left:var(--wp--preset--spacing--40)\"><img loading=\"lazy\" decoding=\"async\" width=\"1024\" height=\"670\" src=\"https:\/\/www.terre-art-argile.org\/wp-content\/uploads\/2025\/01\/stageModelage-1024x670.png\" alt=\"\" class=\"wp-image-936\" srcset=\"https:\/\/www.terre-art-argile.org\/wp-content\/uploads\/2025\/01\/stageModelage-1024x670.png 1024w, https:\/\/www.terre-art-argile.org\/wp-content\/uploads\/2025\/01\/stageModelage-300x196.png 300w, https:\/\/www.terre-art-argile.org\/wp-content\/uploads\/2025\/01\/stageModelage-768x503.png 768w, https:\/\/www.terre-art-argile.org\/wp-content\/uploads\/2025\/01\/stageModelage.png 1346w\" sizes=\"auto, (max-width: 1024px) 100vw, 1024px\" \/><\/figure>\n\n\n\n<h3 class=\"wp-block-heading has-text-align-center\">Modelage \u00ab\u00a0Grande Pi\u00e8ce\u00a0\u00bb<\/h3>\n\n\n\n<p class=\"has-text-align-center has-medium-font-size\"><em>Anim\u00e9 par <em>Julie Parade<\/em><\/em><br>9h30-12h30 \/ 13h30-16h30<\/p>\n\n\n\n<div class=\"wp-block-buttons is-content-justification-center is-layout-flex wp-container-core-buttons-is-layout-a89b3969 wp-block-buttons-is-layout-flex\">\n<div class=\"wp-block-button\"><a class=\"wp-block-button__link wp-element-button\" href=\"https:\/\/www.helloasso.com\/associations\/terre-d-art-et-d-argile\/evenements\/stage-sculpture-modelage-grande-piece\" target=\"_blank\" rel=\"noreferrer noopener\">2 jours : 4 et 5 juillet<\/a><\/div>\n<\/div>\n\n\n\n<hr class=\"wp-block-separator aligncenter has-text-color has-contrast-2-color has-alpha-channel-opacity has-contrast-2-background-color has-background\"\/>\n<\/div>\n\n\n\n<div class=\"wp-block-column is-layout-flow wp-block-column-is-layout-flow\">\n<figure class=\"wp-block-image size-large wp-duotone-unset-3\" style=\"margin-right:var(--wp--preset--spacing--40);margin-left:var(--wp--preset--spacing--40)\"><img loading=\"lazy\" decoding=\"async\" width=\"1024\" height=\"670\" src=\"https:\/\/www.terre-art-argile.org\/wp-content\/uploads\/2025\/01\/initiation-tournage-1-1024x670.png\" alt=\"\" class=\"wp-image-612\" srcset=\"https:\/\/www.terre-art-argile.org\/wp-content\/uploads\/2025\/01\/initiation-tournage-1-1024x670.png 1024w, https:\/\/www.terre-art-argile.org\/wp-content\/uploads\/2025\/01\/initiation-tournage-1-300x196.png 300w, https:\/\/www.terre-art-argile.org\/wp-content\/uploads\/2025\/01\/initiation-tournage-1-768x503.png 768w, https:\/\/www.terre-art-argile.org\/wp-content\/uploads\/2025\/01\/initiation-tournage-1.png 1346w\" sizes=\"auto, (max-width: 1024px) 100vw, 1024px\" \/><\/figure>\n\n\n\n<h3 class=\"wp-block-heading has-text-align-center\">Tournage gr\u00e8s<\/h3>\n\n\n\n<p class=\"has-text-align-center has-medium-font-size\"><em>Anim\u00e9 par C\u00e9cile Ruget<\/em><\/p>\n\n\n\n<p class=\"has-text-align-center has-medium-font-size\"><strong>Boites et Formes ferm\u00e9es<\/strong><br>10h-13h \/ 14h-17h<\/p>\n\n\n\n<div class=\"wp-block-buttons is-content-justification-center is-layout-flex wp-container-core-buttons-is-layout-a89b3969 wp-block-buttons-is-layout-flex\">\n<div class=\"wp-block-button\"><a class=\"wp-block-button__link wp-element-button\" href=\"https:\/\/www.helloasso.com\/associations\/terre-d-art-et-d-argile\/evenements\/boites-formes-fermees-8-9-10-mai-2026\" target=\"_blank\" rel=\"noreferrer noopener\">3 jours : 8 au 10 mai 2026<\/a><\/div>\n<\/div>\n\n\n\n<p class=\"has-text-align-center has-medium-font-size\"><strong>Tournage et d\u00e9corations<\/strong><br>10h-13h \/ 14h-17h<\/p>\n\n\n\n<div class=\"wp-block-buttons is-content-justification-center is-layout-flex wp-container-core-buttons-is-layout-a89b3969 wp-block-buttons-is-layout-flex\">\n<div class=\"wp-block-button\"><a class=\"wp-block-button__link wp-element-button\" href=\"https:\/\/www.helloasso.com\/associations\/terre-d-art-et-d-argile\/evenements\/tournage-et-decoration-13-et-14-juin-2026\" target=\"_blank\" rel=\"noreferrer noopener\">2 jours : 13 et 14 juin 2026<\/a><\/div>\n<\/div>\n\n\n\n<p class=\"has-text-align-center has-medium-font-size\"><strong>Tous niveaux<\/strong><br>10h-13h \/ 14h-17h<\/p>\n\n\n\n<div class=\"wp-block-buttons is-content-justification-center is-layout-flex wp-container-core-buttons-is-layout-a89b3969 wp-block-buttons-is-layout-flex\">\n<div class=\"wp-block-button\"><a class=\"wp-block-button__link wp-element-button\" href=\"https:\/\/www.helloasso.com\/associations\/terre-d-art-et-d-argile\/evenements\/tournage-debutant-inter-6-au-19-juillet-2026\" target=\"_blank\" rel=\"noreferrer noopener\">5 jours : 6 au 10 juillet 2026<\/a><\/div>\n<\/div>\n\n\n\n<div style=\"height:24px\" aria-hidden=\"true\" class=\"wp-block-spacer\"><\/div>\n\n\n\n<hr class=\"wp-block-separator aligncenter has-text-color has-contrast-2-color has-alpha-channel-opacity has-contrast-2-background-color has-background\"\/>\n<\/div>\n<\/div>\n<\/div>\n\n\n\n<p><\/p>\n","protected":false},"excerpt":{"rendered":"<p>Enfants et ados Anim\u00e9 par Julie Parade Tournage Ados9h30 \u00e0 12h30 Modelage Enfants14h \u00e0 17h Modelage \u00ab\u00a0Grande Pi\u00e8ce\u00a0\u00bb Anim\u00e9 par Julie Parade9h30-12h30 \/ 13h30-16h30 Tournage gr\u00e8s Anim\u00e9 par C\u00e9cile Ruget Boites et Formes ferm\u00e9es10h-13h \/ 14h-17h Tournage et d\u00e9corations10h-13h \/ 14h-17h Tous niveaux10h-13h \/ 14h-17h<\/p>\n","protected":false},"author":1,"featured_media":0,"parent":0,"menu_order":0,"comment_status":"closed","ping_status":"closed","template":"","meta":{"footnotes":""},"class_list":["post-132","page","type-page","status-publish","hentry"],"_links":{"self":[{"href":"https:\/\/www.terre-art-argile.org\/index.php\/wp-json\/wp\/v2\/pages\/132","targetHints":{"allow":["GET"]}}],"collection":[{"href":"https:\/\/www.terre-art-argile.org\/index.php\/wp-json\/wp\/v2\/pages"}],"about":[{"href":"https:\/\/www.terre-art-argile.org\/index.php\/wp-json\/wp\/v2\/types\/page"}],"author":[{"embeddable":true,"href":"https:\/\/www.terre-art-argile.org\/index.php\/wp-json\/wp\/v2\/users\/1"}],"replies":[{"embeddable":true,"href":"https:\/\/www.terre-art-argile.org\/index.php\/wp-json\/wp\/v2\/comments?post=132"}],"version-history":[{"count":147,"href":"https:\/\/www.terre-art-argile.org\/index.php\/wp-json\/wp\/v2\/pages\/132\/revisions"}],"predecessor-version":[{"id":1390,"href":"https:\/\/www.terre-art-argile.org\/index.php\/wp-json\/wp\/v2\/pages\/132\/revisions\/1390"}],"wp:attachment":[{"href":"https:\/\/www.terre-art-argile.org\/index.php\/wp-json\/wp\/v2\/media?parent=132"}],"curies":[{"name":"wp","href":"https:\/\/api.w.org\/{rel}","templated":true}]}}