{"id":74,"date":"2025-01-10T19:20:45","date_gmt":"2025-01-10T18:20:45","guid":{"rendered":"https:\/\/www.terre-art-argile.org\/?page_id=74"},"modified":"2025-01-14T16:46:59","modified_gmt":"2025-01-14T15:46:59","slug":"historique","status":"publish","type":"page","link":"https:\/\/www.terre-art-argile.org\/index.php\/historique\/","title":{"rendered":"Historique"},"content":{"rendered":"\n<div class=\"wp-block-group alignfull has-accent-2-background-color has-background has-global-padding is-content-justification-center is-layout-constrained wp-container-core-group-is-layout-863823ac wp-block-group-is-layout-constrained\" style=\"margin-top:0;margin-bottom:0;padding-top:var(--wp--preset--spacing--10);padding-right:var(--wp--preset--spacing--50);padding-bottom:var(--wp--preset--spacing--10);padding-left:var(--wp--preset--spacing--50)\">\n<div class=\"wp-block-columns alignwide are-vertically-aligned-center is-layout-flex wp-container-core-columns-is-layout-28f84493 wp-block-columns-is-layout-flex\">\n<div class=\"wp-block-column is-vertically-aligned-center is-layout-flow wp-block-column-is-layout-flow\" style=\"flex-basis:60%\">\n<p class=\"has-heading-font-family has-x-large-font-size\" style=\"line-height:1.2\">Les origines de la poterie<\/p>\n<\/div>\n<\/div>\n<\/div>\n\n\n\n<div class=\"wp-block-group alignfull has-base-background-color has-background has-global-padding is-layout-constrained wp-container-core-group-is-layout-d89aad35 wp-block-group-is-layout-constrained\" style=\"margin-top:0;margin-bottom:0;padding-top:var(--wp--preset--spacing--50);padding-right:var(--wp--preset--spacing--50);padding-bottom:var(--wp--preset--spacing--50);padding-left:var(--wp--preset--spacing--50)\">\n<div class=\"wp-block-columns alignwide is-layout-flex wp-container-core-columns-is-layout-549b0c86 wp-block-columns-is-layout-flex\">\n<div class=\"wp-block-column has-global-padding is-content-justification-left is-layout-constrained wp-container-core-column-is-layout-4f15e8fe wp-block-column-is-layout-constrained\" style=\"flex-basis:30%\">\n<p class=\"has-large-font-size\"><strong>Avant la poterie<\/strong><\/p>\n<\/div>\n\n\n\n<div class=\"wp-block-column is-layout-flow wp-container-core-column-is-layout-f5bb311e wp-block-column-is-layout-flow\" style=\"flex-basis:70%\">\n<p class=\"has-heading-font-family has-large-font-size\" style=\"line-height:1.2\">A l\u2019origine, sur le lieu dit \u00ab\u00a0de pointe\u00a0\u00bb \u00e0 Gradignan, se trouvait une tuilerie traditionnelle. Ce genre de tuilerie \u00e9tait&nbsp; fr\u00e9quent \u00e0 l\u2019\u00e9poque et correspondait \u00e0 des besoins locaux. Les techniques utilis\u00e9es ainsi que le four \u00e9taient des plus simples. L\u2019argile \u00e9tait extraite sur place et le combustible provenait de fagots de bois ramass\u00e9s dans les for\u00eats avoisinants.<\/p>\n\n\n\n<div class=\"wp-block-columns is-layout-flex wp-container-core-columns-is-layout-87beb0d0 wp-block-columns-is-layout-flex\">\n<div class=\"wp-block-column is-layout-flow wp-block-column-is-layout-flow\">\n<p><strong>Modalit\u00e9s d\u2019acquisition<\/strong><\/p>\n\n\n\n<p>Monsieur Vincent DESBAT prit en location le 20 novembre 1881 par bail de neuf ans cette tuilerie pour y cr\u00e9er sa poterie. A l\u2019expiration du bail, le 18 d\u00e9cembre 1890, il acheta la poterie au Baron Sim\u00e9on Henri POISSON.<\/p>\n\n\n\n<p>Le prix de vente fut fix\u00e9 \u00e0 41500&nbsp; francs, payables de la fa\u00e7on suivante&nbsp;: 16500 francs comptant, 10000 dans un d\u00e9lai de cinq ans et 15000 francs dans un d\u00e9lai de 10 ans. Ces sommes devaient \u00eatre pay\u00e9es par acompte de 5000 francs au moins, productifs d\u2019int\u00e9r\u00eats \u00e0 raison de 5% an exigible par semestre.<\/p>\n\n\n\n<p>La poterie \u00e0 l\u2019\u00e9poque comprenait une maison d\u2019habitation et son jardin dont les fours, les ateliers, l\u2019habitation du charretier, les \u00e9curies et les remises de la poterie. Le tout se trouvait sur un terrain de 3 hectares 78 ares et 65 centiares.<\/p>\n<\/div>\n\n\n\n<div class=\"wp-block-column is-layout-flow wp-block-column-is-layout-flow\">\n<p><strong>Les successeurs de Monsieur DESBAT<\/strong><\/p>\n\n\n\n<p>Monsieur DESBAT avait auparavant travaill\u00e9 pour la fa\u00efencerie David JOHNSON, et un temps chez son beau fr\u00e8re potier \u00e0 Can\u00e9jan.<\/p>\n\n\n\n<p>Apr\u00e8s Vincent DESBAT, ce sera Firmin LABORDE, son employ\u00e9 \u00e0 l\u2019origine comme tourneur et devenu son gendre, qui reprendra la direction de la poterie.<\/p>\n\n\n\n<p>A sa suite, Vincent et Gustave LABORDE, fils de Firmin, reprendront la poterie. Ils ont \u00e9tudi\u00e9 les \u00e9maux et la terre en Espagne et \u00e0 Limoges.<\/p>\n\n\n\n<p>Pour continuer cette tradition familiale, Roger fils de Vincent, et Jean fils de Gustave, remplaceront leurs p\u00e8res. Roger et Jean seront form\u00e9s \u00e0 S\u00e8vres.<\/p>\n<\/div>\n<\/div>\n<\/div>\n<\/div>\n<\/div>\n\n\n\n<div class=\"wp-block-cover alignfull is-light has-parallax\" style=\"padding-top:var(--wp--preset--spacing--50);padding-right:var(--wp--preset--spacing--50);padding-bottom:var(--wp--preset--spacing--50);padding-left:var(--wp--preset--spacing--50);min-height:100vh;aspect-ratio:unset;\"><span aria-hidden=\"true\" class=\"wp-block-cover__background has-base-background-color has-background-dim-0 has-background-dim\"><\/span><div class=\"wp-block-cover__image-background wp-image-81 has-parallax\" style=\"background-position:50% 50%;background-image:url(https:\/\/www.terre-art-argile.org\/wp-content\/uploads\/2025\/01\/poterie-1930-1.jpg)\"><\/div><div class=\"wp-block-cover__inner-container has-global-padding is-layout-constrained wp-container-core-cover-is-layout-e4fd886c wp-block-cover-is-layout-constrained\">\n<div style=\"height:500px\" aria-hidden=\"true\" class=\"wp-block-spacer\"><\/div>\n<\/div><\/div>\n\n\n\n<div class=\"wp-block-group alignfull has-base-2-background-color has-background has-global-padding is-layout-constrained wp-container-core-group-is-layout-e44a9d39 wp-block-group-is-layout-constrained\" style=\"margin-top:0;margin-bottom:0;padding-top:var(--wp--preset--spacing--40);padding-right:var(--wp--preset--spacing--40);padding-bottom:var(--wp--preset--spacing--40);padding-left:var(--wp--preset--spacing--40)\">\n<p class=\"has-text-align-center has-heading-font-family has-x-large-font-size\" style=\"font-style:normal;font-weight:400;line-height:1.2\"><strong>La terre<\/strong><\/p>\n\n\n\n<p><strong>Sa provenance<\/strong><\/p>\n\n\n\n<p>Par contrat, l\u2019argile devait \u00eatre extraite sur les terres du Baron POISSON. Seules les terres r\u00e9fractaires qui ne s\u2019y trouvaient pas pouvaient \u00eatre achet\u00e9es ailleurs, ceci pour une p\u00e9riode de dix ans, soit de 1890 \u00e0 1900. <br>Le prix du m\u00e8tre cube fut fix\u00e9 \u00e0 50 centimes, fut \u00e0 la charge de Monsieur DESBAT de niveler le terrain apr\u00e8s l\u2019extraction, et les arbres dont l\u2019enl\u00e8vement serait n\u00e9cessaire revenaient au Baron POISSON. <br>Par la suite, on utilisera des argiles d\u2019autres provenances&nbsp;: Can\u00e9jan, Belin-Beliet, Limoges.<\/p>\n\n\n\n<div class=\"wp-block-group is-content-justification-center is-nowrap is-layout-flex wp-container-core-group-is-layout-23441af8 wp-block-group-is-layout-flex\">\n<div class=\"wp-block-group alignwide is-layout-flow wp-block-group-is-layout-flow\">\n<div class=\"wp-block-columns is-layout-flex wp-container-core-columns-is-layout-87beb0d0 wp-block-columns-is-layout-flex\">\n<div class=\"wp-block-column is-layout-flow wp-block-column-is-layout-flow\">\n<p><strong>Sa pr\u00e9paration<\/strong><\/p>\n\n\n\n<p>L\u2019argile \u00e9tait extraite du sol \u00e0 la pioche, charg\u00e9e dans des charrettes et ramen\u00e9e \u00e0 la poterie. Elle \u00e9tait dilu\u00e9e avec de l\u2019eau pour former une barbotine puis tamis\u00e9e pour la d\u00e9barrasser des&nbsp; plus grosses impuret\u00e9s, puis mise \u00e0 d\u00e9canter dans des bassins. Ces bassins de d\u00e9cantation \u00e9taient faits de petits murs de 50 cm de haut, le fond tapiss\u00e9 de carreaux de gironde pos\u00e9s sur un lit de sable, permettant \u00e0 l\u2019eau de s\u2019\u00e9vacuer et retenant l\u2019argile.&nbsp;&nbsp;&nbsp;&nbsp;&nbsp;&nbsp;&nbsp;&nbsp;<br>Apr\u00e8s un mois dans ces bassins, la barbotine avait \u00e9vacu\u00e9 une bonne partie de&nbsp; son eau mais \u00e9tait encore trop molle pour \u00eatre travaill\u00e9e. Elle \u00e9tait mise dans des moules en pl\u00e2tre pour finir son raffermissement.&nbsp;&nbsp;&nbsp;&nbsp;&nbsp;<br>Une fois que l\u2019argile avait une bonne consistance, elle passait dans un malaxeur qui \u00e9tait entrain\u00e9 par une mule qui tournait dans un man\u00e8ge.<\/p>\n<\/div>\n\n\n\n<div class=\"wp-block-column is-layout-flow wp-block-column-is-layout-flow\">\n<p><strong>L\u2019\u00e9volution<\/strong><\/p>\n\n\n\n<p>Petit \u00e0 petit, les techniques vont \u00e9voluer&nbsp;:<\/p>\n\n\n\n<ul class=\"wp-block-list\">\n<li style=\"margin-top:var(--wp--preset--spacing--10);margin-bottom:var(--wp--preset--spacing--10)\">L\u2019extraction sera m\u00e9canis\u00e9e,<\/li>\n\n\n\n<li>les charrettes&nbsp; remplac\u00e9es par des camions,<\/li>\n\n\n\n<li style=\"margin-top:var(--wp--preset--spacing--10);margin-bottom:var(--wp--preset--spacing--10)\">l\u2019argile sera dilu\u00e9e par des agitateurs m\u00e9caniques,<\/li>\n\n\n\n<li>Apr\u00e8s tamisage, la barbotine sera mise dans des filtres presses qui raffermiront l\u2019argile en quelques heures. Le malaxeur sera mu par un moteur, L\u2019\u00e9volution de ces techniques permettra&nbsp; de r\u00e9duire la main d\u2019\u0153uvre, de gagner du temps et enfin de diminuer les stocks de terre n\u00e9cessaire.- nous sommes passionn\u00e9s par les conceptions d\u2019avant-garde qui fa\u00e7onnent le monde d\u2019aujourd\u2019hui.<\/li>\n<\/ul>\n<\/div>\n<\/div>\n<\/div>\n<\/div>\n\n\n\n<p class=\"has-heading-font-family has-large-font-size\" style=\"line-height:1.2\">L\u2019argile pr\u00eate \u00e0 l&#8217;emploi \u00e9tait stock\u00e9e dans une salle vout\u00e9e (toujours pr\u00e9sente).&nbsp;<\/p>\n<\/div>\n\n\n\n<div class=\"wp-block-group alignfull has-base-background-color has-background has-global-padding is-layout-constrained wp-container-core-group-is-layout-d89aad35 wp-block-group-is-layout-constrained\" style=\"margin-top:0;margin-bottom:0;padding-top:var(--wp--preset--spacing--50);padding-right:var(--wp--preset--spacing--50);padding-bottom:var(--wp--preset--spacing--50);padding-left:var(--wp--preset--spacing--50)\">\n<div class=\"wp-block-columns alignwide is-layout-flex wp-container-core-columns-is-layout-549b0c86 wp-block-columns-is-layout-flex\">\n<div class=\"wp-block-column has-global-padding is-content-justification-left is-layout-constrained wp-container-core-column-is-layout-4f15e8fe wp-block-column-is-layout-constrained\" style=\"flex-basis:20%\">\n<p class=\"has-large-font-size\"><strong>Les techniques de fa\u00e7onnage<\/strong><\/p>\n<\/div>\n\n\n\n<div class=\"wp-block-column is-layout-flow wp-container-core-column-is-layout-f5bb311e wp-block-column-is-layout-flow\" style=\"flex-basis:80%\">\n<p class=\"has-heading-font-family has-large-font-size\" style=\"line-height:1.2\">Quatre techniques de fa\u00e7onnage furent employ\u00e9es&nbsp;: le tournage, le moulage, le calibrage et le pressage. Les deux premi\u00e8res furent le plus utilis\u00e9es.<\/p>\n\n\n\n<div class=\"wp-block-columns is-layout-flex wp-container-core-columns-is-layout-87beb0d0 wp-block-columns-is-layout-flex\">\n<div class=\"wp-block-column is-layout-flow wp-block-column-is-layout-flow\">\n<p><strong>Le tournage<\/strong><\/p>\n\n\n\n<p>La poterie employait quatre tourneurs pay\u00e9s \u00e0 la pi\u00e8ce.<br>Les tours \u00e9taient activ\u00e9s au pied. Chaque tourneur travaillait avec un aide et un apprenti. Leur t\u00e2che \u00e9tait de pr\u00e9parer la terre, la p\u00e9trir, la peser, la mettre en boule, de poser les anses et de nettoyer les pi\u00e8ces et de les manipuler.<br>Dans les derni\u00e8res ann\u00e9es de la poterie, on utilisera des tours \u00e9lectriques, ce qui ne changera pas la technique.<\/p>\n\n\n\n<p><strong>Le calibrage<\/strong><\/p>\n\n\n\n<p>Une calibreuse est un tour m\u00e9canique, elle a surtout \u00e9t\u00e9 utilis\u00e9e pour la fabrication des pots de fleurs.<br>La poterie poss\u00e9dait aussi une calibreuse \u00e0 ovaliser qui servait \u00e0 fabriquer les plats ovales.<\/p>\n<\/div>\n\n\n\n<div class=\"wp-block-column is-layout-flow wp-block-column-is-layout-flow\">\n<p><strong>Le moulage<\/strong><\/p>\n\n\n\n<p>Deux grandes techniques \u00e9taient utilis\u00e9es&nbsp;:<\/p>\n\n\n\n<ul class=\"wp-block-list\">\n<li>Le coulage servait \u00e0 la fabrication de poteries fines,<\/li>\n\n\n\n<li>L\u2019estampage donnait des poteries plus rustiques, il a \u00e9t\u00e9 abandonn\u00e9 par la suite.<\/li>\n<\/ul>\n\n\n\n<p><strong>Le pressage<\/strong><\/p>\n\n\n\n<p>La presse servait \u00e0 fabriquer les pots de r\u00e9sine.<\/p>\n\n\n\n<p>Une fois les pi\u00e8ces termin\u00e9es, elles \u00e9taient mises \u00e0 s\u00e9cher au premier \u00e9tage pr\u00e8s du four, sur de grands rayonnages, en attendant leur enfournement.<\/p>\n<\/div>\n<\/div>\n<\/div>\n<\/div>\n<\/div>\n\n\n\n<div class=\"wp-block-cover alignfull is-light has-parallax\" style=\"padding-top:var(--wp--preset--spacing--50);padding-right:var(--wp--preset--spacing--50);padding-bottom:var(--wp--preset--spacing--50);padding-left:var(--wp--preset--spacing--50);min-height:100vh;aspect-ratio:unset;\"><span aria-hidden=\"true\" class=\"wp-block-cover__background has-base-background-color has-background-dim-0 has-background-dim\"><\/span><div class=\"wp-block-cover__image-background wp-image-408 has-parallax\" style=\"background-position:50% 50%;background-image:url(https:\/\/www.terre-art-argile.org\/wp-content\/uploads\/2025\/01\/Poterie-nb-1.jpg)\"><\/div><div class=\"wp-block-cover__inner-container has-global-padding is-layout-constrained wp-container-core-cover-is-layout-e4fd886c wp-block-cover-is-layout-constrained\">\n<div style=\"height:500px\" aria-hidden=\"true\" class=\"wp-block-spacer\"><\/div>\n<\/div><\/div>\n\n\n\n<div class=\"wp-block-group alignfull has-base-background-color has-background has-global-padding is-layout-constrained wp-container-core-group-is-layout-d89aad35 wp-block-group-is-layout-constrained\" style=\"margin-top:0;margin-bottom:0;padding-top:var(--wp--preset--spacing--50);padding-right:var(--wp--preset--spacing--50);padding-bottom:var(--wp--preset--spacing--50);padding-left:var(--wp--preset--spacing--50)\">\n<div class=\"wp-block-columns alignwide is-layout-flex wp-container-core-columns-is-layout-549b0c86 wp-block-columns-is-layout-flex\">\n<div class=\"wp-block-column has-global-padding is-content-justification-left is-layout-constrained wp-container-core-column-is-layout-4f15e8fe wp-block-column-is-layout-constrained\" style=\"flex-basis:20%\">\n<p class=\"has-large-font-size\"><strong>La cuisson<\/strong><\/p>\n<\/div>\n\n\n\n<div class=\"wp-block-column is-layout-flow wp-container-core-column-is-layout-22223934 wp-block-column-is-layout-flow\" style=\"flex-basis:80%\">\n<p class=\"has-heading-font-family has-large-font-size\" style=\"line-height:1.2\">Il existait trois grands fours \u00e0 Gradignan, deux existent toujours. Ils sont cylindriques et couramment appel\u00e9s&nbsp; \u00ab\u00a0fours bouteilles\u00a0\u00bb \u00e0 cause de leur forme.<\/p>\n\n\n\n<p>Ces fours sont construits sur deux niveaux&nbsp;:<\/p>\n\n\n\n<ul class=\"wp-block-list\">\n<li>En bas, une chambre de cuisson avec quatre foyers. Elle servait \u00e0 faire cuire les pi\u00e8ces d\u00e9j\u00e0 \u00e9maill\u00e9es et ayant subit&nbsp; auparavant une premi\u00e8re cuisson dans la chambre du haut. La temp\u00e9rature de cuisson dans cette chambre&nbsp; atteignait&nbsp; 1&nbsp;200 degr\u00e9s.<\/li>\n\n\n\n<li>En haut, une seconde chambre de cuisson appel\u00e9e \u00ab&nbsp;globe&nbsp;\u00bb. On y&nbsp; enfournait les pi\u00e8ces s\u00e8ches pour leur faire subir une premi\u00e8re cuisson.<br>Certaines pi\u00e8ces en restaient l\u00e0, tels les pots de r\u00e9sine et les pots de fleurs. La temp\u00e9rature du globe atteignait 900 degr\u00e9s.<\/li>\n<\/ul>\n\n\n\n<div class=\"wp-block-columns is-layout-flex wp-container-core-columns-is-layout-87beb0d0 wp-block-columns-is-layout-flex\">\n<div class=\"wp-block-column is-layout-flow wp-block-column-is-layout-flow\">\n<p><strong>L&rsquo;enfournement<\/strong><\/p>\n\n\n\n<p>On utilisait trois techniques d\u2019enfournement&nbsp;:<\/p>\n\n\n\n<ul class=\"wp-block-list\">\n<li>Dans le globe, les pi\u00e8ces \u00e9taient empil\u00e9es les unes sur les autres. On prenait soin de mettre les pi\u00e8ces les plus grosses en bas, afin que les piles ne s\u2019effondrent pas. Ce type d\u2019enfournement est appel\u00e9 \u00ab&nbsp;en charge&nbsp;\u00bb.<\/li>\n<\/ul>\n\n\n\n<ul class=\"wp-block-list\">\n<li>Dans la chambre du bas, on utilise deux autres principes&nbsp;:<\/li>\n<\/ul>\n\n\n\n<ol class=\"wp-block-list\">\n<li> l\u2019enfournement \u00ab&nbsp;en gazette&nbsp;\u00bb&nbsp;: les gazettes sont des boites en mati\u00e8re r\u00e9fractaire dans lesquelles on dispose les pi\u00e8ces \u00e0 cuire. Elles isolent et prot\u00e8gent les pi\u00e8ces du contact direct des flammes. Les gazettes sont empil\u00e9es les unes sur les autres.<\/li>\n\n\n\n<li> l\u2019enfournement \u00ab&nbsp; en plancher&nbsp;\u00bb&nbsp;: il consiste \u00e0 r\u00e9aliser des \u00e9tages sur lesquels les pi\u00e8ces sont pos\u00e9es. On utilise pour cela des plaques et des piliers en mati\u00e8re r\u00e9fractaire.<\/li>\n<\/ol>\n\n\n\n<p>L\u2019enfournement prenait une journ\u00e9e.<\/p>\n<\/div>\n\n\n\n<div class=\"wp-block-column is-layout-flow wp-block-column-is-layout-flow\">\n<p><strong>La cuisson<\/strong><\/p>\n\n\n\n<p>&nbsp;Il y avait deux \u00e9quipes de deux personnes pour s\u2019occuper des fours. Le combustible utilis\u00e9 \u00e9tait le charbon.<br>La cuisson durait 24 heures et 4 tonnes de charbon \u00e9taient n\u00e9cessaire pour atteindre 1&nbsp;200 degr\u00e9s dans la chambre du bas.<br>Le contr\u00f4le de la temp\u00e9rature se faisait au moyen de montres fusibles, petits b\u00e2tonnets de mati\u00e8re c\u00e9ramique qui fusionnent \u00e0 une temp\u00e9rature donn\u00e9e. Il en existe pour chaque temp\u00e9rature.<br>A 1200 degr\u00e9s, on retirait du four une petite pi\u00e8ce qui servait de t\u00e9moin pour voir si l\u2019\u00e9mail avait bien fusionn\u00e9.<\/p>\n\n\n\n<p><strong>\u00c9volution<\/strong><\/p>\n\n\n\n<p>En 1935, on construisit un nouveau four destin\u00e9 \u00e0 la cuisson des pi\u00e8ces d\u00e9cor\u00e9es&nbsp;: un four \u00e0 moufle. Il \u00e9tait beaucoup plus petit, d\u2019un volume de 2 m\u00e8tres cube seulement.<br>Ce four avait pour avantage de mettre les pi\u00e8ces \u00e0 l\u2019abri des flammes. Il \u00e9tait fait d\u2019une grande gazette autour de laquelle les flammes tournaient. Ce four \u00e9tait chauff\u00e9 au bois.<\/p>\n\n\n\n<ul class=\"wp-block-list\">\n<li><\/li>\n<\/ul>\n<\/div>\n<\/div>\n<\/div>\n<\/div>\n<\/div>\n\n\n\n<div class=\"wp-block-group alignfull has-base-2-background-color has-background has-global-padding is-layout-constrained wp-container-core-group-is-layout-e44a9d39 wp-block-group-is-layout-constrained\" style=\"margin-top:0;margin-bottom:0;padding-top:var(--wp--preset--spacing--40);padding-right:var(--wp--preset--spacing--40);padding-bottom:var(--wp--preset--spacing--40);padding-left:var(--wp--preset--spacing--40)\">\n<p class=\"has-text-align-center has-heading-font-family has-x-large-font-size\" style=\"font-style:normal;font-weight:400;line-height:1.2\"><strong>L&rsquo;\u00e9maillage et la d\u00e9coration<\/strong><\/p>\n\n\n\n<p><strong>L&rsquo;\u00e9maillage<\/strong><\/p>\n\n\n\n<p>On versait \u00e0 l\u2019int\u00e9rieur des pi\u00e8ces un bain d\u2019\u00e9mail que l\u2019on renversait aussit\u00f4t. Puis les pi\u00e8ces \u00e9taient tremp\u00e9es dans un autre bain d\u2019\u00e9mail. L\u2019\u00e9mail  int\u00e9rieur \u00e9tait de couleur cr\u00e8me, alors que l\u2019\u00e9mail ext\u00e9rieur \u00e9tait brun.<br>On utilisait un \u00e9mail felsphatique color\u00e9 par ajout de mangan\u00e8se et de fer, il \u00e9tait achet\u00e9 \u00e0 Limoges.<\/p>\n\n\n\n<p><strong>La d\u00e9coration<\/strong><\/p>\n\n\n\n<p>Le d\u00e9cor \u00e9tait fait au pochoir. Les pi\u00e8ces \u00e9taient blanches et le d\u00e9cor bleu.<\/p>\n<\/div>\n\n\n\n<div class=\"wp-block-group alignfull has-base-2-color has-contrast-background-color has-text-color has-background has-link-color wp-elements-bf38f5c9e0a6baa5682292c1f87428de has-global-padding is-layout-constrained wp-container-core-group-is-layout-facafb6f wp-block-group-is-layout-constrained\" style=\"margin-top:0;margin-bottom:0;padding-top:var(--wp--preset--spacing--50);padding-right:var(--wp--preset--spacing--50);padding-bottom:var(--wp--preset--spacing--50);padding-left:var(--wp--preset--spacing--50)\">\n<div class=\"wp-block-columns alignwide is-layout-flex wp-container-core-columns-is-layout-d1c656ed wp-block-columns-is-layout-flex\">\n<div class=\"wp-block-column is-vertically-aligned-stretch is-layout-flow wp-block-column-is-layout-flow\" style=\"padding-right:0;flex-basis:40%\">\n<div class=\"wp-block-group is-vertical is-content-justification-stretch is-layout-flex wp-container-core-group-is-layout-ae24f51d wp-block-group-is-layout-flex\" style=\"min-height:100%\">\n<figure class=\"wp-block-image size-large is-style-rounded wp-duotone-unset-2 is-style-rounded--1\"><img loading=\"lazy\" decoding=\"async\" width=\"637\" height=\"1024\" src=\"https:\/\/www.terre-art-argile.org\/wp-content\/uploads\/2025\/01\/Poterie_de_Gradignan-1-637x1024.jpg\" alt=\"\" class=\"wp-image-84\" style=\"aspect-ratio:9\/16;object-fit:cover\" srcset=\"https:\/\/www.terre-art-argile.org\/wp-content\/uploads\/2025\/01\/Poterie_de_Gradignan-1-637x1024.jpg 637w, https:\/\/www.terre-art-argile.org\/wp-content\/uploads\/2025\/01\/Poterie_de_Gradignan-1-186x300.jpg 186w, https:\/\/www.terre-art-argile.org\/wp-content\/uploads\/2025\/01\/Poterie_de_Gradignan-1-768x1236.jpg 768w, https:\/\/www.terre-art-argile.org\/wp-content\/uploads\/2025\/01\/Poterie_de_Gradignan-1.jpg 800w\" sizes=\"auto, (max-width: 637px) 100vw, 637px\" \/><\/figure>\n<\/div>\n<\/div>\n\n\n\n<div class=\"wp-block-column is-layout-flow wp-block-column-is-layout-flow\" style=\"flex-basis:60%\">\n<div class=\"wp-block-group has-global-padding is-layout-constrained wp-block-group-is-layout-constrained\">\n<p class=\"has-large-font-size\" style=\"font-style:normal;font-weight:500;line-height:1.2\"><strong>Les pi\u00e8ces<\/strong><\/p>\n\n\n\n<div class=\"wp-block-group is-layout-flow wp-block-group-is-layout-flow\">\n<p class=\"has-medium-font-size\">On distingue trois grandes productions&nbsp;: <\/p>\n\n\n\n<ul class=\"wp-block-list\">\n<li><strong>Les terres cuites<\/strong> <br>Pots \u00e0 r\u00e9sine et pots de fleurs<\/li>\n<\/ul>\n\n\n\n<ul class=\"wp-block-list\">\n<li><strong>Les gr\u00e8s<\/strong><br>Pichets, casseroles, pots \u00e0 graisse, bouillottes, po\u00ealons, mazarines, terrines \u00e0 p\u00e2t\u00e9s, filtres \u00e0 caf\u00e9.<\/li>\n<\/ul>\n\n\n\n<ul class=\"wp-block-list\">\n<li><strong>Les fa\u00efences d\u00e9cor\u00e9es<\/strong> (surtout la vaisselle)<br>Gardalants (bassines pour se laver les mains et le visage), marabouts, m\u00e9nageons (toutes les pi\u00e8ces \u00e9taient tourn\u00e9es en sorte de petites dinettes pour faire des jeux d\u2019enfants).<\/li>\n<\/ul>\n\n\n\n<figure class=\"wp-block-image size-full is-style-rounded wp-duotone-unset-4 is-style-rounded--3\" style=\"margin-top:var(--wp--preset--spacing--20);margin-bottom:var(--wp--preset--spacing--20)\"><img loading=\"lazy\" decoding=\"async\" width=\"806\" height=\"515\" src=\"https:\/\/www.terre-art-argile.org\/wp-content\/uploads\/2025\/01\/poterie-1930-carte.jpg\" alt=\"\" class=\"wp-image-411\" srcset=\"https:\/\/www.terre-art-argile.org\/wp-content\/uploads\/2025\/01\/poterie-1930-carte.jpg 806w, https:\/\/www.terre-art-argile.org\/wp-content\/uploads\/2025\/01\/poterie-1930-carte-300x192.jpg 300w, https:\/\/www.terre-art-argile.org\/wp-content\/uploads\/2025\/01\/poterie-1930-carte-768x491.jpg 768w\" sizes=\"auto, (max-width: 806px) 100vw, 806px\" \/><\/figure>\n<\/div>\n<\/div>\n<\/div>\n<\/div>\n<\/div>\n","protected":false},"excerpt":{"rendered":"<p>Les origines de la poterie Avant la poterie A l\u2019origine, sur le lieu dit \u00ab\u00a0de pointe\u00a0\u00bb \u00e0 Gradignan, se trouvait une tuilerie traditionnelle. Ce genre de tuilerie \u00e9tait&nbsp; fr\u00e9quent \u00e0 l\u2019\u00e9poque et correspondait \u00e0 des besoins locaux. Les techniques utilis\u00e9es ainsi que le four \u00e9taient des plus simples. L\u2019argile \u00e9tait extraite sur place et le [&hellip;]<\/p>\n","protected":false},"author":1,"featured_media":295,"parent":0,"menu_order":0,"comment_status":"closed","ping_status":"closed","template":"","meta":{"footnotes":""},"class_list":["post-74","page","type-page","status-publish","has-post-thumbnail","hentry"],"_links":{"self":[{"href":"https:\/\/www.terre-art-argile.org\/index.php\/wp-json\/wp\/v2\/pages\/74","targetHints":{"allow":["GET"]}}],"collection":[{"href":"https:\/\/www.terre-art-argile.org\/index.php\/wp-json\/wp\/v2\/pages"}],"about":[{"href":"https:\/\/www.terre-art-argile.org\/index.php\/wp-json\/wp\/v2\/types\/page"}],"author":[{"embeddable":true,"href":"https:\/\/www.terre-art-argile.org\/index.php\/wp-json\/wp\/v2\/users\/1"}],"replies":[{"embeddable":true,"href":"https:\/\/www.terre-art-argile.org\/index.php\/wp-json\/wp\/v2\/comments?post=74"}],"version-history":[{"count":7,"href":"https:\/\/www.terre-art-argile.org\/index.php\/wp-json\/wp\/v2\/pages\/74\/revisions"}],"predecessor-version":[{"id":412,"href":"https:\/\/www.terre-art-argile.org\/index.php\/wp-json\/wp\/v2\/pages\/74\/revisions\/412"}],"wp:featuredmedia":[{"embeddable":true,"href":"https:\/\/www.terre-art-argile.org\/index.php\/wp-json\/wp\/v2\/media\/295"}],"wp:attachment":[{"href":"https:\/\/www.terre-art-argile.org\/index.php\/wp-json\/wp\/v2\/media?parent=74"}],"curies":[{"name":"wp","href":"https:\/\/api.w.org\/{rel}","templated":true}]}}